{"id":77386,"date":"2021-10-18T20:02:54","date_gmt":"2021-10-18T20:02:54","guid":{"rendered":"https:\/\/pz-studio.com\/newsmonster\/?page_id=77386"},"modified":"2021-10-18T20:02:54","modified_gmt":"2021-10-18T20:02:54","slug":"home-11","status":"publish","type":"page","link":"https:\/\/lavozdelpueblo.mx\/index.php\/home-11\/","title":{"rendered":"Home 11"},"content":{"rendered":"\t\t<div data-elementor-type=\"wp-page\" data-elementor-id=\"77386\" class=\"elementor elementor-77386\">\n\t\t\t\t\t\t<section class=\"elementor-section elementor-top-section elementor-element elementor-element-12d2f80 elementor-section-boxed elementor-section-height-default elementor-section-height-default\" data-id=\"12d2f80\" data-element_type=\"section\">\n\t\t\t\t\t\t<div class=\"elementor-container elementor-column-gap-default\">\n\t\t\t\t\t<div class=\"elementor-column elementor-col-100 elementor-top-column elementor-element elementor-element-cdb8cc3\" data-id=\"cdb8cc3\" data-element_type=\"column\">\n\t\t\t<div class=\"elementor-widget-wrap elementor-element-populated\">\n\t\t\t\t\t\t<section class=\"elementor-section elementor-inner-section elementor-element elementor-element-9d699e8 elementor-section-boxed elementor-section-height-default elementor-section-height-default\" data-id=\"9d699e8\" data-element_type=\"section\">\n\t\t\t\t\t\t<div class=\"elementor-container elementor-column-gap-default\">\n\t\t\t\t\t<div class=\"elementor-column elementor-col-25 elementor-inner-column elementor-element elementor-element-1805209\" data-id=\"1805209\" data-element_type=\"column\">\n\t\t\t<div class=\"elementor-widget-wrap elementor-element-populated\">\n\t\t\t\t\t\t<div class=\"elementor-element elementor-element-c9d82e9 elementor-widget elementor-widget-javapaper-for-elementor-blog-j-module1\" data-id=\"c9d82e9\" data-element_type=\"widget\" data-widget_type=\"javapaper-for-elementor-blog-j-module1.default\">\n\t\t\t\t<div class=\"elementor-widget-container\">\n\t\t\t\t\t<div id=\"c9d82e9\" class=\"modulebox-wrapper\">\r\n    <div class=\"mainboxwrapper\">\r\n    <div class=\"j_maintitle\">\r\n          <\/div>\r\n    <!-- START LOOP -->\r\n   <div class=\"module1ol\">\r\n            <div class=\"module1-post\">\r\n        <div class=\"cat-color\"> <span>\r\n          <a href=\"https:\/\/lavozdelpueblo.mx\/index.php\/category\/nacional\/\" rel=\"category tag\">Nacional<\/a>          <\/span>\r\n          <h3> <a class=\"entry-title\" href=\"https:\/\/lavozdelpueblo.mx\/index.php\/2026\/04\/24\/gobierno-federal-adquiere-el-tren-suburbano-y-lo-renombra-felipe-angeles-inauguraran-tramo-lecheria-aifa-el-26-de-abril\/\">\r\n            Gobierno federal adquiere el Tren Suburbano y lo renombra \u201cFelipe \u00c1ngeles\u201d; inaugurar\u00e1n tramo Lecher\u00eda-AIFA el 26 de abril            <\/a> <\/h3>\r\n          <div class=\"module1-article\">  <\/div>\r\n        <\/div>\r\n      <\/div>\r\n                <\/div>\r\n  <\/div>\r\n<\/div>\r\n\t\t\t\t<\/div>\n\t\t\t\t<\/div>\n\t\t\t\t\t<\/div>\n\t\t<\/div>\n\t\t\t\t<div class=\"elementor-column elementor-col-25 elementor-inner-column elementor-element elementor-element-f97f1e5\" data-id=\"f97f1e5\" data-element_type=\"column\">\n\t\t\t<div class=\"elementor-widget-wrap elementor-element-populated\">\n\t\t\t\t\t\t<div class=\"elementor-element elementor-element-676488a elementor-widget elementor-widget-javapaper-for-elementor-blog-j-module1\" data-id=\"676488a\" data-element_type=\"widget\" data-widget_type=\"javapaper-for-elementor-blog-j-module1.default\">\n\t\t\t\t<div class=\"elementor-widget-container\">\n\t\t\t\t\t<div id=\"676488a\" class=\"modulebox-wrapper\">\r\n    <div class=\"mainboxwrapper\">\r\n    <div class=\"j_maintitle\">\r\n          <\/div>\r\n    <!-- START LOOP -->\r\n   <div class=\"module1ol\">\r\n          <\/div>\r\n  <\/div>\r\n<\/div>\r\n\t\t\t\t<\/div>\n\t\t\t\t<\/div>\n\t\t\t\t\t<\/div>\n\t\t<\/div>\n\t\t\t\t<div class=\"elementor-column elementor-col-25 elementor-inner-column elementor-element elementor-element-f8c4eac\" data-id=\"f8c4eac\" data-element_type=\"column\">\n\t\t\t<div class=\"elementor-widget-wrap elementor-element-populated\">\n\t\t\t\t\t\t<div class=\"elementor-element elementor-element-d0d0fc2 elementor-widget elementor-widget-javapaper-for-elementor-blog-j-module1\" data-id=\"d0d0fc2\" data-element_type=\"widget\" data-widget_type=\"javapaper-for-elementor-blog-j-module1.default\">\n\t\t\t\t<div class=\"elementor-widget-container\">\n\t\t\t\t\t<div id=\"d0d0fc2\" class=\"modulebox-wrapper\">\r\n    <div class=\"mainboxwrapper\">\r\n    <div class=\"j_maintitle\">\r\n          <\/div>\r\n    <!-- START LOOP -->\r\n   <div class=\"module1ol\">\r\n            <div class=\"module1-post\">\r\n        <div class=\"cat-color\"> <span>\r\n          <a href=\"https:\/\/lavozdelpueblo.mx\/index.php\/category\/nacional\/\" rel=\"category tag\">Nacional<\/a>          <\/span>\r\n          <h3> <a class=\"entry-title\" href=\"https:\/\/lavozdelpueblo.mx\/index.php\/2026\/04\/24\/gobierno-federal-adquiere-el-tren-suburbano-y-lo-renombra-felipe-angeles-inauguraran-tramo-lecheria-aifa-el-26-de-abril\/\">\r\n            Gobierno federal adquiere el Tren Suburbano y lo renombra \u201cFelipe \u00c1ngeles\u201d; inaugurar\u00e1n tramo Lecher\u00eda-AIFA el 26 de abril            <\/a> <\/h3>\r\n          <div class=\"module1-article\">  <\/div>\r\n        <\/div>\r\n      <\/div>\r\n                <\/div>\r\n  <\/div>\r\n<\/div>\r\n\t\t\t\t<\/div>\n\t\t\t\t<\/div>\n\t\t\t\t\t<\/div>\n\t\t<\/div>\n\t\t\t\t<div class=\"elementor-column elementor-col-25 elementor-inner-column elementor-element elementor-element-bcaacb9\" data-id=\"bcaacb9\" data-element_type=\"column\">\n\t\t\t<div class=\"elementor-widget-wrap elementor-element-populated\">\n\t\t\t\t\t\t<div class=\"elementor-element elementor-element-f56f033 elementor-widget elementor-widget-javapaper-for-elementor-blog-j-module1\" data-id=\"f56f033\" data-element_type=\"widget\" data-widget_type=\"javapaper-for-elementor-blog-j-module1.default\">\n\t\t\t\t<div class=\"elementor-widget-container\">\n\t\t\t\t\t<div id=\"f56f033\" class=\"modulebox-wrapper\">\r\n    <div class=\"mainboxwrapper\">\r\n    <div class=\"j_maintitle\">\r\n          <\/div>\r\n    <!-- START LOOP -->\r\n   <div class=\"module1ol\">\r\n          <\/div>\r\n  <\/div>\r\n<\/div>\r\n\t\t\t\t<\/div>\n\t\t\t\t<\/div>\n\t\t\t\t\t<\/div>\n\t\t<\/div>\n\t\t\t\t\t<\/div>\n\t\t<\/section>\n\t\t\t\t\t<\/div>\n\t\t<\/div>\n\t\t\t\t\t<\/div>\n\t\t<\/section>\n\t\t\t\t<section class=\"elementor-section elementor-top-section elementor-element elementor-element-4e25ce37 elementor-section-boxed elementor-section-height-default elementor-section-height-default\" data-id=\"4e25ce37\" data-element_type=\"section\">\n\t\t\t\t\t\t<div class=\"elementor-container elementor-column-gap-default\">\n\t\t\t\t\t<div class=\"elementor-column elementor-col-50 elementor-top-column elementor-element elementor-element-19be995c\" data-id=\"19be995c\" data-element_type=\"column\">\n\t\t\t<div class=\"elementor-widget-wrap elementor-element-populated\">\n\t\t\t\t\t\t<div class=\"elementor-element elementor-element-514d27b7 elementor-widget elementor-widget-shortcode\" data-id=\"514d27b7\" data-element_type=\"widget\" data-widget_type=\"shortcode.default\">\n\t\t\t\t<div class=\"elementor-widget-container\">\n\t\t\t\t\t\t\t<div class=\"elementor-shortcode\">\n<div class=\"wpcf7 no-js\" id=\"wpcf7-f7-o1\" lang=\"en-US\" dir=\"ltr\" data-wpcf7-id=\"7\">\n<div class=\"screen-reader-response\"><p role=\"status\" aria-live=\"polite\" aria-atomic=\"true\"><\/p> <ul><\/ul><\/div>\n<form action=\"\/index.php\/wp-json\/wp\/v2\/pages\/77386#wpcf7-f7-o1\" method=\"post\" class=\"wpcf7-form init\" aria-label=\"Contact form\" novalidate=\"novalidate\" data-status=\"init\">\n<fieldset class=\"hidden-fields-container\"><input type=\"hidden\" name=\"_wpcf7\" value=\"7\" \/><input type=\"hidden\" name=\"_wpcf7_version\" value=\"6.1\" \/><input type=\"hidden\" name=\"_wpcf7_locale\" value=\"en_US\" \/><input type=\"hidden\" name=\"_wpcf7_unit_tag\" value=\"wpcf7-f7-o1\" \/><input type=\"hidden\" name=\"_wpcf7_container_post\" value=\"0\" \/><input type=\"hidden\" name=\"_wpcf7_posted_data_hash\" value=\"\" \/>\n<\/fieldset>\n<p><label> Your name<br \/>\n<span class=\"wpcf7-form-control-wrap\" data-name=\"your-name\"><input size=\"40\" maxlength=\"400\" class=\"wpcf7-form-control wpcf7-text wpcf7-validates-as-required\" autocomplete=\"name\" aria-required=\"true\" aria-invalid=\"false\" value=\"\" type=\"text\" name=\"your-name\" \/><\/span> <\/label>\n<\/p>\n<p><label> Your email<br \/>\n<span class=\"wpcf7-form-control-wrap\" data-name=\"your-email\"><input size=\"40\" maxlength=\"400\" class=\"wpcf7-form-control wpcf7-email wpcf7-validates-as-required wpcf7-text wpcf7-validates-as-email\" autocomplete=\"email\" aria-required=\"true\" aria-invalid=\"false\" value=\"\" type=\"email\" name=\"your-email\" \/><\/span> <\/label>\n<\/p>\n<p><label> Subject<br \/>\n<span class=\"wpcf7-form-control-wrap\" data-name=\"your-subject\"><input size=\"40\" maxlength=\"400\" class=\"wpcf7-form-control wpcf7-text wpcf7-validates-as-required\" aria-required=\"true\" aria-invalid=\"false\" value=\"\" type=\"text\" name=\"your-subject\" \/><\/span> <\/label>\n<\/p>\n<p><label> Your message (optional)<br \/>\n<span class=\"wpcf7-form-control-wrap\" data-name=\"your-message\"><textarea cols=\"40\" rows=\"10\" maxlength=\"2000\" class=\"wpcf7-form-control wpcf7-textarea\" aria-invalid=\"false\" name=\"your-message\"><\/textarea><\/span> <\/label>\n<\/p>\n<p><input class=\"wpcf7-form-control wpcf7-submit has-spinner\" type=\"submit\" value=\"Submit\" \/>\n<\/p><div class=\"wpcf7-response-output\" aria-hidden=\"true\"><\/div>\n<\/form>\n<\/div>\n<\/div>\n\t\t\t\t\t\t<\/div>\n\t\t\t\t<\/div>\n\t\t\t\t<div class=\"elementor-element elementor-element-6234ed98 elementor-widget elementor-widget-javapaper-for-elementor-blog-j-module1\" data-id=\"6234ed98\" data-element_type=\"widget\" data-widget_type=\"javapaper-for-elementor-blog-j-module1.default\">\n\t\t\t\t<div class=\"elementor-widget-container\">\n\t\t\t\t\t<div id=\"6234ed98\" class=\"modulebox-wrapper\">\r\n    <div class=\"mainboxwrapper\">\r\n    <div class=\"j_maintitle\">\r\n                  <div class=\"moduletitle-wrapper\">\r\n        <div class=\"jmodule-maintitle\">\r\n          <h3>Module 1<span>SubTitle<\/span><\/h3>\r\n        <\/div>\r\n      <\/div>\r\n                <\/div>\r\n    <!-- START LOOP -->\r\n   <div class=\"module1ol\">\r\n            <div class=\"module1-post\">\r\n        <div class=\"cat-color\"> <span>\r\n          <a href=\"https:\/\/lavozdelpueblo.mx\/index.php\/category\/nacional\/\" rel=\"category tag\">Nacional<\/a>          <\/span>\r\n          <h3> <a class=\"entry-title\" href=\"https:\/\/lavozdelpueblo.mx\/index.php\/2026\/04\/24\/gobierno-federal-adquiere-el-tren-suburbano-y-lo-renombra-felipe-angeles-inauguraran-tramo-lecheria-aifa-el-26-de-abril\/\">\r\n            Gobierno federal adquiere el Tren Suburbano y lo renombra \u201cFelipe \u00c1ngeles\u201d; inaugurar\u00e1n tramo Lecher\u00eda-AIFA el 26 de abril            <\/a> <\/h3>\r\n          <div class=\"module1-article\"> El Gobierno de M\u00e9xico asumir\u00e1 el control total del Tren Suburbano, que a partir de ahora funcionar\u00e1 como un sistema p\u00fablico bajo el nombre de Tren \u201cFelipe \u00c1ngeles\u201d. As\u00ed lo anunci\u00f3 la presidenta <\/div>\r\n        <\/div>\r\n      <\/div>\r\n            <div class=\"module1-post\">\r\n        <div class=\"cat-color\"> <span>\r\n          <a href=\"https:\/\/lavozdelpueblo.mx\/index.php\/category\/nacional\/\" rel=\"category tag\">Nacional<\/a>          <\/span>\r\n          <h3> <a class=\"entry-title\" href=\"https:\/\/lavozdelpueblo.mx\/index.php\/2026\/04\/15\/sheinbaum-anuncia-inversion-historica-en-becas-al-2030\/\">\r\n            Sheinbaum anuncia inversi\u00f3n hist\u00f3rica en becas al 2030            <\/a> <\/h3>\r\n          <div class=\"module1-article\"> La presidenta de M\u00e9xico, Claudia Sheinbaum Pardo, anunci\u00f3 este lunes un ambicioso plan de inversi\u00f3n p\u00fablica que prev\u00e9 destinar m\u00e1s de un bill\u00f3n de pesos en Becas para el Bienestar hacia el a\u00f1o <\/div>\r\n        <\/div>\r\n      <\/div>\r\n            <div class=\"module1-post\">\r\n        <div class=\"cat-color\"> <span>\r\n          <a href=\"https:\/\/lavozdelpueblo.mx\/index.php\/category\/nacional\/\" rel=\"category tag\">Nacional<\/a>          <\/span>\r\n          <h3> <a class=\"entry-title\" href=\"https:\/\/lavozdelpueblo.mx\/index.php\/2025\/10\/08\/se-forma-la-tormenta-tropical-jerry-en-el-atlantico-central\/\">\r\n            Se forma la tormenta tropical \u201cJerry\u201d en el Atl\u00e1ntico Central            <\/a> <\/h3>\r\n          <div class=\"module1-article\"> El 7 de octubre de 2025, la tormenta tropical \u201cJerry\u201d se form\u00f3 en el Atl\u00e1ntico central, convirti\u00e9ndose en el d\u00e9cimo cicl\u00f3n de la temporada de huracanes de este a\u00f1o, inform\u00f3 el Servicio Meteorol\u00f3gico <\/div>\r\n        <\/div>\r\n      <\/div>\r\n                <\/div>\r\n  <\/div>\r\n<\/div>\r\n\t\t\t\t<\/div>\n\t\t\t\t<\/div>\n\t\t\t\t<div class=\"elementor-element elementor-element-65dfde55 elementor-widget elementor-widget-javapaper-for-elementor-blog-j-module2\" data-id=\"65dfde55\" data-element_type=\"widget\" data-widget_type=\"javapaper-for-elementor-blog-j-module2.default\">\n\t\t\t\t<div class=\"elementor-widget-container\">\n\t\t\t\t\t<div id=\"65dfde55\" class=\"modulebox-wrapper\">\r\n    <div class=\"mainboxwrapper\">\r\n    <div class=\"j_maintitle\">\r\n                  <div class=\"moduletitle-wrapper\">\r\n        <div class=\"jmodule-maintitle\">\r\n          <h3>Module 2<span>SubTitle<\/span><\/h3>\r\n        <\/div>\r\n      <\/div>\r\n                <\/div>\r\n    <!-- START LOOP -->\r\n    <div class=\"module2ol\">\r\n            <div class=\"module2-post\">\r\n        <div class=\"cat-color\"> <span>\r\n          <a href=\"https:\/\/lavozdelpueblo.mx\/index.php\/category\/nacional\/\" rel=\"category tag\">Nacional<\/a>          <\/span>\r\n          <h3> <a class=\"entry-title\" href=\"https:\/\/lavozdelpueblo.mx\/index.php\/2026\/04\/24\/gobierno-federal-adquiere-el-tren-suburbano-y-lo-renombra-felipe-angeles-inauguraran-tramo-lecheria-aifa-el-26-de-abril\/\">\r\n            Gobierno federal adquiere el Tren Suburbano y lo renombra \u201cFelipe \u00c1ngeles\u201d; inaugurar\u00e1n tramo Lecher\u00eda-AIFA el 26 de abril            <\/a> <\/h3>\r\n          <div class=\"module2-article\">\r\n                        <img decoding=\"async\" src=\"https:\/\/lavozdelpueblo.mx\/wp-content\/uploads\/2026\/04\/presidenta-1-55x55.jpg\" width=\"55\" height=\"55\" alt=\"La Voz Del Pueblo\"\/> El Gobierno de M\u00e9xico asumir\u00e1 el control total del Tren Suburbano, que a partir de ahora funcionar\u00e1 como un sistema p\u00fablico bajo el nombre de Tren \u201cFelipe \u00c1ngeles\u201d. As\u00ed lo <\/div>\r\n        <\/div>\r\n      <\/div>\r\n            <div class=\"module2-post\">\r\n        <div class=\"cat-color\"> <span>\r\n          <a href=\"https:\/\/lavozdelpueblo.mx\/index.php\/category\/nacional\/\" rel=\"category tag\">Nacional<\/a>          <\/span>\r\n          <h3> <a class=\"entry-title\" href=\"https:\/\/lavozdelpueblo.mx\/index.php\/2026\/04\/15\/sheinbaum-anuncia-inversion-historica-en-becas-al-2030\/\">\r\n            Sheinbaum anuncia inversi\u00f3n hist\u00f3rica en becas al 2030            <\/a> <\/h3>\r\n          <div class=\"module2-article\">\r\n                        <img decoding=\"async\" src=\"https:\/\/lavozdelpueblo.mx\/wp-content\/uploads\/2026\/04\/0-grande-55x55.jpg\" width=\"55\" height=\"55\" alt=\"La Voz Del Pueblo\"\/> La presidenta de M\u00e9xico, Claudia Sheinbaum Pardo, anunci\u00f3 este lunes un ambicioso plan de inversi\u00f3n p\u00fablica que prev\u00e9 destinar m\u00e1s de un bill\u00f3n de pesos en Becas para el Bienestar <\/div>\r\n        <\/div>\r\n      <\/div>\r\n                <\/div>\r\n  <\/div>\r\n<\/div>\r\n\t\t\t\t<\/div>\n\t\t\t\t<\/div>\n\t\t\t\t\t<\/div>\n\t\t<\/div>\n\t\t\t\t<div class=\"elementor-column elementor-col-50 elementor-top-column elementor-element elementor-element-27fcae51\" data-id=\"27fcae51\" data-element_type=\"column\">\n\t\t\t<div class=\"elementor-widget-wrap elementor-element-populated\">\n\t\t\t\t\t\t<section class=\"elementor-section elementor-inner-section elementor-element elementor-element-234650e5 elementor-section-boxed elementor-section-height-default elementor-section-height-default\" data-id=\"234650e5\" data-element_type=\"section\">\n\t\t\t\t\t\t<div class=\"elementor-container elementor-column-gap-default\">\n\t\t\t\t\t<div class=\"elementor-column elementor-col-100 elementor-inner-column elementor-element elementor-element-4254c31c\" data-id=\"4254c31c\" data-element_type=\"column\">\n\t\t\t<div class=\"elementor-widget-wrap elementor-element-populated\">\n\t\t\t\t\t\t<div class=\"elementor-element elementor-element-18d7fe20 elementor-widget elementor-widget-javapaper-for-elementor-blog-j-module4\" data-id=\"18d7fe20\" data-element_type=\"widget\" data-widget_type=\"javapaper-for-elementor-blog-j-module4.default\">\n\t\t\t\t<div class=\"elementor-widget-container\">\n\t\t\t\t\t  <div class=\"modulebox-wrapper post-wrapper post-80842 post type-post status-publish format-standard has-post-thumbnail hentry category-nacional\" >\r\n    <!-- START LOOP -->\r\n        <\/div>\r\n\t<\/div>\r\n  <\/div>\r\n  <\/div>  \r\n<\/div>\r\n<\/div>\r\n\t\t\t\t<\/div>\n\t\t\t\t<\/div>\n\t\t\t\t\t<\/div>\n\t\t<\/div>\n\t\t\t\t\t<\/div>\n\t\t<\/section>\n\t\t\t\t<section class=\"elementor-section elementor-inner-section elementor-element elementor-element-39168774 elementor-section-boxed elementor-section-height-default elementor-section-height-default\" data-id=\"39168774\" data-element_type=\"section\">\n\t\t\t\t\t\t<div class=\"elementor-container elementor-column-gap-default\">\n\t\t\t\t\t<div class=\"elementor-column elementor-col-50 elementor-inner-column elementor-element elementor-element-328a80ed\" data-id=\"328a80ed\" data-element_type=\"column\">\n\t\t\t<div class=\"elementor-widget-wrap elementor-element-populated\">\n\t\t\t\t\t\t<div class=\"elementor-element elementor-element-58477730 elementor-widget elementor-widget-javapaper-for-elementor-blog-j-module16\" data-id=\"58477730\" data-element_type=\"widget\" data-widget_type=\"javapaper-for-elementor-blog-j-module16.default\">\n\t\t\t\t<div class=\"elementor-widget-container\">\n\t\t\t\t\t\r\n<div id=\"58477730\" class=\"modulebox-wrapper\">\r\n    <div class=\"mainboxwrapper module16-wrapper\">\r\n    <div class=\"j_maintitle\">\r\n                  <div class=\"moduletitle-wrapper\">\r\n        <div class=\"jmodule-maintitle\">\r\n          <h3>Module 16<span>SubTitle<\/span><\/h3>\r\n        <\/div>\r\n      <\/div>\r\n                <\/div>\r\n    <div class=\"module16-intro\">\r\n            <div class=\"jmodule-maintite\"> Type your intro for this area. You can insert HTML tag, embedd video or GMap. <\/div>\r\n    <\/div>\r\n        <!-- START LOOP -->\r\n    <div class=\"module16ol\">\r\n          <\/div>\r\n  <\/div>\r\n<\/div>\r\n\t\t\t\t<\/div>\n\t\t\t\t<\/div>\n\t\t\t\t\t<\/div>\n\t\t<\/div>\n\t\t\t\t<div class=\"elementor-column elementor-col-50 elementor-inner-column elementor-element elementor-element-2e7586b4\" data-id=\"2e7586b4\" data-element_type=\"column\">\n\t\t\t<div class=\"elementor-widget-wrap elementor-element-populated\">\n\t\t\t\t\t\t<div class=\"elementor-element elementor-element-26755f76 elementor-widget elementor-widget-javapaper-for-elementor-blog-j-module8\" data-id=\"26755f76\" data-element_type=\"widget\" data-widget_type=\"javapaper-for-elementor-blog-j-module8.default\">\n\t\t\t\t<div class=\"elementor-widget-container\">\n\t\t\t\t\t\r\n<div class=\"modulebox-wrapper post-wrapper post-80842 post type-post status-publish format-standard has-post-thumbnail hentry category-nacional\" >\r\n                <!-- START LOOP -->\r\n            \t\r\n\t\t<div class=\"module8-top\">\r\n  <div class=\"j_maintitle\">\r\n      <\/div>\r\n  <div class=\"module8-thumbnail imageoff\">\r\n          <div class=\"module-cat\">\r\n            <a href=\"https:\/\/lavozdelpueblo.mx\/index.php\/category\/nacional\/\" title=\"View all posts in Nacional\" >Nacional<\/a>           <\/div>  \r\n    <a href=\"https:\/\/lavozdelpueblo.mx\/index.php\/2026\/04\/24\/gobierno-federal-adquiere-el-tren-suburbano-y-lo-renombra-felipe-angeles-inauguraran-tramo-lecheria-aifa-el-26-de-abril\/\" title=\"Gobierno federal adquiere el Tren Suburbano y lo renombra \u201cFelipe \u00c1ngeles\u201d; inaugurar\u00e1n tramo Lecher\u00eda-AIFA el 26 de abril\">\t\t\t\t\t\t\t\r\n    <img fetchpriority=\"high\" decoding=\"async\" src=\"https:\/\/lavozdelpueblo.mx\/wp-content\/uploads\/2026\/04\/presidenta-1-950x500.jpg\" width=\"950\" height=\"500\" alt=\"La Voz Del Pueblo\"\/>\t\t\r\n\t\t<\/a>\r\n    <div class=\"module8-caption\"><\/div>  <\/div>\r\n  <div class=\"module8-title\">\r\n    <h2><a href=\"https:\/\/lavozdelpueblo.mx\/index.php\/2026\/04\/24\/gobierno-federal-adquiere-el-tren-suburbano-y-lo-renombra-felipe-angeles-inauguraran-tramo-lecheria-aifa-el-26-de-abril\/\">\r\n      Gobierno federal adquiere el Tren Suburbano y lo renombra \u201cFelipe \u00c1ngeles\u201d; inaugurar\u00e1n tramo Lecher\u00eda-AIFA el 26 de abril      <\/a><\/h2>\r\n  <\/div>\r\n  <div class=\"col-mod8\">\r\n        <div class=\"module31-content\">\r\n      <div class=\"module8-text\"> <p>El Gobierno de M\u00e9xico asumir\u00e1 el control total del Tren Suburbano, que a partir de ahora funcionar\u00e1 como un sistema p\u00fablico bajo el nombre de Tren \u201cFelipe \u00c1ngeles\u201d. As\u00ed lo anunci\u00f3 la presidenta de la Rep\u00fablica, Claudia Sheinbaum, durante la conferencia matutina \u201cLas ma\u00f1aneras del pueblo\u201d, en la que destac\u00f3 que esta medida se tom\u00f3 de com\u00fan acuerdo con las empresas privadas que operaban el servicio.<\/p>\n<p>De acuerdo con la mandataria, la decisi\u00f3n responde a una estrategia nacional para recuperar y fortalecer los servicios de transporte ferroviario de pasajeros, devolviendo al Estado la responsabilidad de garantizar la movilidad y la conectividad de la poblaci\u00f3n, especialmente en zonas metropolitanas de alta demanda. Sheinbaum subray\u00f3 que el paso del Tren Suburbano a manos p\u00fablicas es un acto de justicia social y de.<\/p>\n <\/div>\r\n              <div class=\"module9-readmore\"> <a href=\"https:\/\/lavozdelpueblo.mx\/index.php\/2026\/04\/24\/gobierno-federal-adquiere-el-tren-suburbano-y-lo-renombra-felipe-angeles-inauguraran-tramo-lecheria-aifa-el-26-de-abril\/\">\r\n                Read the Post &#8594;\t                <\/a> <\/div>\t  \r\n    <\/div>\r\n  <\/div>\r\n  <div class=\"col-mod8\">\r\n    <div class=\"module8-morecontentwrapper\">\r\n                          <div class=\"module8-morecontent\">\r\n        <ul>\r\n          <li>\r\n            <h5> <a href=\"https:\/\/lavozdelpueblo.mx\/index.php\/2026\/04\/15\/sheinbaum-anuncia-inversion-historica-en-becas-al-2030\/\">\r\n              Sheinbaum anuncia inversi\u00f3n hist\u00f3rica en becas al 2030              <\/a> <\/h5>\r\n          <\/li>\r\n        <\/ul>\r\n      <\/div>\r\n                <\/div>\r\n  <\/div>\r\n<\/div>\r\n<\/div>\r\n\t\t\t\t<\/div>\n\t\t\t\t<\/div>\n\t\t\t\t\t<\/div>\n\t\t<\/div>\n\t\t\t\t\t<\/div>\n\t\t<\/section>\n\t\t\t\t\t<\/div>\n\t\t<\/div>\n\t\t\t\t\t<\/div>\n\t\t<\/section>\n\t\t\t\t<section class=\"elementor-section elementor-top-section elementor-element elementor-element-ce61428 elementor-section-boxed elementor-section-height-default elementor-section-height-default\" data-id=\"ce61428\" data-element_type=\"section\">\n\t\t\t\t\t\t<div class=\"elementor-container elementor-column-gap-default\">\n\t\t\t\t\t<div class=\"elementor-column elementor-col-50 elementor-top-column elementor-element elementor-element-a4bb364\" data-id=\"a4bb364\" data-element_type=\"column\">\n\t\t\t<div class=\"elementor-widget-wrap elementor-element-populated\">\n\t\t\t\t\t\t<div class=\"elementor-element elementor-element-6f65168 elementor-widget elementor-widget-javapaper-for-elementor-blog-j-module8\" data-id=\"6f65168\" data-element_type=\"widget\" data-widget_type=\"javapaper-for-elementor-blog-j-module8.default\">\n\t\t\t\t<div class=\"elementor-widget-container\">\n\t\t\t\t\t\r\n<div class=\"modulebox-wrapper post-wrapper post-80842 post type-post status-publish format-standard has-post-thumbnail hentry category-nacional\" >\r\n                <!-- START LOOP -->\r\n            \t\r\n\t\t<div class=\"module8-top\">\r\n  <div class=\"j_maintitle\">\r\n      <\/div>\r\n  <div class=\"module8-thumbnail imageon\">\r\n          <div class=\"module-cat\">\r\n            <a href=\"https:\/\/lavozdelpueblo.mx\/index.php\/category\/nacional\/\" title=\"View all posts in Nacional\" >Nacional<\/a>           <\/div>  \r\n    <a href=\"https:\/\/lavozdelpueblo.mx\/index.php\/2026\/04\/24\/gobierno-federal-adquiere-el-tren-suburbano-y-lo-renombra-felipe-angeles-inauguraran-tramo-lecheria-aifa-el-26-de-abril\/\" title=\"Gobierno federal adquiere el Tren Suburbano y lo renombra \u201cFelipe \u00c1ngeles\u201d; inaugurar\u00e1n tramo Lecher\u00eda-AIFA el 26 de abril\">\t\t\t\t\t\t\t\r\n    <img fetchpriority=\"high\" decoding=\"async\" src=\"https:\/\/lavozdelpueblo.mx\/wp-content\/uploads\/2026\/04\/presidenta-1-950x500.jpg\" width=\"950\" height=\"500\" alt=\"La Voz Del Pueblo\"\/>\t\t\r\n\t\t<\/a>\r\n    <div class=\"module8-caption\"><\/div>  <\/div>\r\n  <div class=\"module8-title\">\r\n    <h2><a href=\"https:\/\/lavozdelpueblo.mx\/index.php\/2026\/04\/24\/gobierno-federal-adquiere-el-tren-suburbano-y-lo-renombra-felipe-angeles-inauguraran-tramo-lecheria-aifa-el-26-de-abril\/\">\r\n      Gobierno federal adquiere el Tren Suburbano y lo renombra \u201cFelipe \u00c1ngeles\u201d; inaugurar\u00e1n tramo Lecher\u00eda-AIFA el 26 de abril      <\/a><\/h2>\r\n  <\/div>\r\n  <div class=\"col-mod8\">\r\n        <div class=\"module31-content\">\r\n      <div class=\"module8-text\"> <p>El Gobierno de M\u00e9xico asumir\u00e1 el control total del Tren Suburbano, que a partir de ahora funcionar\u00e1 como un sistema p\u00fablico bajo el nombre de Tren \u201cFelipe \u00c1ngeles\u201d. As\u00ed lo anunci\u00f3 la presidenta de la Rep\u00fablica, Claudia Sheinbaum, durante la conferencia matutina \u201cLas ma\u00f1aneras del pueblo\u201d, en la que destac\u00f3 que esta medida se tom\u00f3 de com\u00fan acuerdo con las empresas privadas que operaban el servicio.<\/p>\n<p>De acuerdo con la mandataria, la decisi\u00f3n responde a una estrategia nacional para recuperar y fortalecer los servicios.<\/p>\n <\/div>\r\n              <div class=\"module9-readmore\"> <a href=\"https:\/\/lavozdelpueblo.mx\/index.php\/2026\/04\/24\/gobierno-federal-adquiere-el-tren-suburbano-y-lo-renombra-felipe-angeles-inauguraran-tramo-lecheria-aifa-el-26-de-abril\/\">\r\n                Read the Post &#8594;\t                <\/a> <\/div>\t  \r\n    <\/div>\r\n  <\/div>\r\n  <div class=\"col-mod8\">\r\n    <div class=\"module8-morecontentwrapper\">\r\n                          <div class=\"module8-morecontent\">\r\n        <ul>\r\n          <li>\r\n            <h5> <a href=\"https:\/\/lavozdelpueblo.mx\/index.php\/2026\/04\/15\/sheinbaum-anuncia-inversion-historica-en-becas-al-2030\/\">\r\n              Sheinbaum anuncia inversi\u00f3n hist\u00f3rica en becas al 2030              <\/a> <\/h5>\r\n          <\/li>\r\n        <\/ul>\r\n      <\/div>\r\n                          <div class=\"module8-morecontent\">\r\n        <ul>\r\n          <li>\r\n            <h5> <a href=\"https:\/\/lavozdelpueblo.mx\/index.php\/2025\/10\/08\/se-forma-la-tormenta-tropical-jerry-en-el-atlantico-central\/\">\r\n              Se forma la tormenta tropical \u201cJerry\u201d en el Atl\u00e1ntico Central              <\/a> <\/h5>\r\n          <\/li>\r\n        <\/ul>\r\n      <\/div>\r\n                          <div class=\"module8-morecontent\">\r\n        <ul>\r\n          <li>\r\n            <h5> <a href=\"https:\/\/lavozdelpueblo.mx\/index.php\/2025\/09\/26\/descarrilamiento-de-tren-de-carga-provoca-incendio-en-smolensk-rusia\/\">\r\n              Descarrilamiento de tren de carga provoca incendio en Smolensk, Rusia              <\/a> <\/h5>\r\n          <\/li>\r\n        <\/ul>\r\n      <\/div>\r\n                          <div class=\"module8-morecontent\">\r\n        <ul>\r\n          <li>\r\n            <h5> <a href=\"https:\/\/lavozdelpueblo.mx\/index.php\/2025\/09\/25\/presentan-a-maple-zayu-y-clutch-las-mascotas-oficiales-de-la-copa-mundial-de-la-fifa-26\/\">\r\n              Presentan a Maple, Zayu y Clutch: las mascotas oficiales de la Copa Mundial de la FIFA 26              <\/a> <\/h5>\r\n          <\/li>\r\n        <\/ul>\r\n      <\/div>\r\n                <\/div>\r\n  <\/div>\r\n<\/div>\r\n<\/div>\r\n\t\t\t\t<\/div>\n\t\t\t\t<\/div>\n\t\t\t\t\t<\/div>\n\t\t<\/div>\n\t\t\t\t<div class=\"elementor-column elementor-col-25 elementor-top-column elementor-element elementor-element-3a82fd9\" data-id=\"3a82fd9\" data-element_type=\"column\">\n\t\t\t<div class=\"elementor-widget-wrap elementor-element-populated\">\n\t\t\t\t\t\t<div class=\"elementor-element elementor-element-2ee9d9f elementor-widget elementor-widget-javapaper-for-elementor-blog-j-module8\" data-id=\"2ee9d9f\" data-element_type=\"widget\" data-widget_type=\"javapaper-for-elementor-blog-j-module8.default\">\n\t\t\t\t<div class=\"elementor-widget-container\">\n\t\t\t\t\t\r\n<div class=\"modulebox-wrapper post-wrapper post-80836 post type-post status-publish format-standard has-post-thumbnail hentry category-internacional\" >\r\n                <!-- START LOOP -->\r\n            \t\r\n\t\t<div class=\"module8-top\">\r\n  <div class=\"j_maintitle\">\r\n      <\/div>\r\n  <div class=\"module8-thumbnail imageon\">\r\n          <div class=\"module-cat\">\r\n            <a href=\"https:\/\/lavozdelpueblo.mx\/index.php\/category\/local\/\" title=\"View all posts in Local\" >Local<\/a>           <\/div>  \r\n    <a href=\"https:\/\/lavozdelpueblo.mx\/index.php\/2025\/09\/03\/largas-filas-en-tehuacan-por-promocion-de-hamburguesas-gratis-en-la-apertura-de-carls-jr\/\" title=\"Largas filas en Tehuac\u00e1n por promoci\u00f3n de hamburguesas gratis en la apertura de Carl\u2019s Jr.\">\t\t\t\t\t\t\t\r\n    <img loading=\"lazy\" decoding=\"async\" src=\"https:\/\/lavozdelpueblo.mx\/wp-content\/uploads\/2025\/09\/Gz7noOrWEAA97R_-400x500.webp\" width=\"400\" height=\"500\" alt=\"La Voz Del Pueblo\"\/>\t\t\r\n\t\t<\/a>\r\n    <div class=\"module8-caption\"><\/div>  <\/div>\r\n  <div class=\"module8-title\">\r\n    <h2><a href=\"https:\/\/lavozdelpueblo.mx\/index.php\/2025\/09\/03\/largas-filas-en-tehuacan-por-promocion-de-hamburguesas-gratis-en-la-apertura-de-carls-jr\/\">\r\n      Largas filas en Tehuac\u00e1n por promoci\u00f3n de hamburguesas gratis en la apertura de Carl\u2019s Jr.      <\/a><\/h2>\r\n  <\/div>\r\n  <div class=\"col-mod8\">\r\n        <div class=\"module31-content\">\r\n      <div class=\"module8-text\"> <p>Desde la noche del martes, decenas de habitantes de Tehuac\u00e1n, Puebla, comenzaron a congregarse frente al nuevo restaurante Carl\u2019s Jr., con la esperanza de obtener la promoci\u00f3n de un a\u00f1o de hamburguesas gratis ofrecida a los primeros clientes en llegar. Motivados por la oferta, algunas personas decidieron acampar y.<\/p>\n <\/div>\r\n              <div class=\"module9-readmore\"> <a href=\"https:\/\/lavozdelpueblo.mx\/index.php\/2025\/09\/03\/largas-filas-en-tehuacan-por-promocion-de-hamburguesas-gratis-en-la-apertura-de-carls-jr\/\">\r\n                Read the Post &#8594;\t                <\/a> <\/div>\t  \r\n    <\/div>\r\n  <\/div>\r\n  <div class=\"col-mod8\">\r\n    <div class=\"module8-morecontentwrapper\">\r\n                <\/div>\r\n  <\/div>\r\n<\/div>\r\n<\/div>\r\n\t\t\t\t<\/div>\n\t\t\t\t<\/div>\n\t\t\t\t\t<\/div>\n\t\t<\/div>\n\t\t\t\t<div class=\"elementor-column elementor-col-25 elementor-top-column elementor-element elementor-element-7e0ca88\" data-id=\"7e0ca88\" data-element_type=\"column\">\n\t\t\t<div class=\"elementor-widget-wrap elementor-element-populated\">\n\t\t\t\t\t\t<div class=\"elementor-element elementor-element-2bc26da elementor-widget elementor-widget-javapaper-for-elementor-blog-j-module1\" data-id=\"2bc26da\" data-element_type=\"widget\" data-widget_type=\"javapaper-for-elementor-blog-j-module1.default\">\n\t\t\t\t<div class=\"elementor-widget-container\">\n\t\t\t\t\t<div id=\"2bc26da\" class=\"modulebox-wrapper\">\r\n    <div class=\"mainboxwrapper\">\r\n    <div class=\"j_maintitle\">\r\n                  <div class=\"moduletitle-wrapper\">\r\n        <div class=\"jmodule-maintitle\">\r\n          <h3>Module 1<span>SubTitle<\/span><\/h3>\r\n        <\/div>\r\n      <\/div>\r\n                <\/div>\r\n    <!-- START LOOP -->\r\n   <div class=\"module1ol\">\r\n            <div class=\"module1-post\">\r\n        <div class=\"cat-color\"> <span>\r\n          <a href=\"https:\/\/lavozdelpueblo.mx\/index.php\/category\/nacional\/\" rel=\"category tag\">Nacional<\/a>          <\/span>\r\n          <h3> <a class=\"entry-title\" href=\"https:\/\/lavozdelpueblo.mx\/index.php\/2026\/04\/24\/gobierno-federal-adquiere-el-tren-suburbano-y-lo-renombra-felipe-angeles-inauguraran-tramo-lecheria-aifa-el-26-de-abril\/\">\r\n            Gobierno federal adquiere el Tren Suburbano y lo renombra \u201cFelipe \u00c1ngeles\u201d; inaugurar\u00e1n tramo Lecher\u00eda-AIFA el 26 de abril            <\/a> <\/h3>\r\n          <div class=\"module1-article\"> El Gobierno de M\u00e9xico asumir\u00e1 el control total del Tren Suburbano, que a partir de ahora funcionar\u00e1 como un <\/div>\r\n        <\/div>\r\n      <\/div>\r\n            <div class=\"module1-post\">\r\n        <div class=\"cat-color\"> <span>\r\n          <a href=\"https:\/\/lavozdelpueblo.mx\/index.php\/category\/nacional\/\" rel=\"category tag\">Nacional<\/a>          <\/span>\r\n          <h3> <a class=\"entry-title\" href=\"https:\/\/lavozdelpueblo.mx\/index.php\/2026\/04\/15\/sheinbaum-anuncia-inversion-historica-en-becas-al-2030\/\">\r\n            Sheinbaum anuncia inversi\u00f3n hist\u00f3rica en becas al 2030            <\/a> <\/h3>\r\n          <div class=\"module1-article\"> La presidenta de M\u00e9xico, Claudia Sheinbaum Pardo, anunci\u00f3 este lunes un ambicioso plan de inversi\u00f3n p\u00fablica que prev\u00e9 destinar <\/div>\r\n        <\/div>\r\n      <\/div>\r\n            <div class=\"module1-post\">\r\n        <div class=\"cat-color\"> <span>\r\n          <a href=\"https:\/\/lavozdelpueblo.mx\/index.php\/category\/nacional\/\" rel=\"category tag\">Nacional<\/a>          <\/span>\r\n          <h3> <a class=\"entry-title\" href=\"https:\/\/lavozdelpueblo.mx\/index.php\/2025\/10\/08\/se-forma-la-tormenta-tropical-jerry-en-el-atlantico-central\/\">\r\n            Se forma la tormenta tropical \u201cJerry\u201d en el Atl\u00e1ntico Central            <\/a> <\/h3>\r\n          <div class=\"module1-article\"> El 7 de octubre de 2025, la tormenta tropical \u201cJerry\u201d se form\u00f3 en el Atl\u00e1ntico central, convirti\u00e9ndose en el <\/div>\r\n        <\/div>\r\n      <\/div>\r\n            <div class=\"module1-post\">\r\n        <div class=\"cat-color\"> <span>\r\n          <a href=\"https:\/\/lavozdelpueblo.mx\/index.php\/category\/internacional\/\" rel=\"category tag\">Internacional<\/a>          <\/span>\r\n          <h3> <a class=\"entry-title\" href=\"https:\/\/lavozdelpueblo.mx\/index.php\/2025\/09\/26\/descarrilamiento-de-tren-de-carga-provoca-incendio-en-smolensk-rusia\/\">\r\n            Descarrilamiento de tren de carga provoca incendio en Smolensk, Rusia            <\/a> <\/h3>\r\n          <div class=\"module1-article\"> Un grave accidente ferroviario se registr\u00f3 en la provincia de Smolensk, Rusia, luego de que un tren de carga <\/div>\r\n        <\/div>\r\n      <\/div>\r\n            <div class=\"module1-post\">\r\n        <div class=\"cat-color\"> <span>\r\n          <a href=\"https:\/\/lavozdelpueblo.mx\/index.php\/category\/internacional\/\" rel=\"category tag\">Internacional<\/a>          <\/span>\r\n          <h3> <a class=\"entry-title\" href=\"https:\/\/lavozdelpueblo.mx\/index.php\/2025\/09\/25\/presentan-a-maple-zayu-y-clutch-las-mascotas-oficiales-de-la-copa-mundial-de-la-fifa-26\/\">\r\n            Presentan a Maple, Zayu y Clutch: las mascotas oficiales de la Copa Mundial de la FIFA 26            <\/a> <\/h3>\r\n          <div class=\"module1-article\"> En una ceremonia que combin\u00f3 tradici\u00f3n y modernidad, la FIFA present\u00f3 oficialmente a las mascotas de la Copa Mundial <\/div>\r\n        <\/div>\r\n      <\/div>\r\n                <\/div>\r\n  <\/div>\r\n<\/div>\r\n\t\t\t\t<\/div>\n\t\t\t\t<\/div>\n\t\t\t\t\t<\/div>\n\t\t<\/div>\n\t\t\t\t\t<\/div>\n\t\t<\/section>\n\t\t\t\t<section class=\"elementor-section elementor-top-section elementor-element elementor-element-e2bb531 elementor-section-boxed elementor-section-height-default elementor-section-height-default\" data-id=\"e2bb531\" data-element_type=\"section\">\n\t\t\t\t\t\t<div class=\"elementor-container elementor-column-gap-default\">\n\t\t\t\t\t<div class=\"elementor-column elementor-col-50 elementor-top-column elementor-element elementor-element-8e095f6\" data-id=\"8e095f6\" data-element_type=\"column\">\n\t\t\t<div class=\"elementor-widget-wrap elementor-element-populated\">\n\t\t\t\t\t\t<div class=\"elementor-element elementor-element-bab0b9a elementor-widget elementor-widget-javapaper-for-elementor-blog-j-module8\" data-id=\"bab0b9a\" data-element_type=\"widget\" data-widget_type=\"javapaper-for-elementor-blog-j-module8.default\">\n\t\t\t\t<div class=\"elementor-widget-container\">\n\t\t\t\t\t\r\n<div class=\"modulebox-wrapper post-wrapper post-80836 post type-post status-publish format-standard has-post-thumbnail hentry category-internacional\" >\r\n                <!-- START LOOP -->\r\n            \t\r\n\t\t<div class=\"module8-top\">\r\n  <div class=\"j_maintitle\">\r\n      <\/div>\r\n  <div class=\"module8-thumbnail imageoff\">\r\n          <div class=\"module-cat\">\r\n            <a href=\"https:\/\/lavozdelpueblo.mx\/index.php\/category\/nacional\/\" title=\"View all posts in Nacional\" >Nacional<\/a>           <\/div>  \r\n    <a href=\"https:\/\/lavozdelpueblo.mx\/index.php\/2026\/04\/24\/gobierno-federal-adquiere-el-tren-suburbano-y-lo-renombra-felipe-angeles-inauguraran-tramo-lecheria-aifa-el-26-de-abril\/\" title=\"Gobierno federal adquiere el Tren Suburbano y lo renombra \u201cFelipe \u00c1ngeles\u201d; inaugurar\u00e1n tramo Lecher\u00eda-AIFA el 26 de abril\">\t\t\t\t\t\t\t\r\n    <img fetchpriority=\"high\" decoding=\"async\" src=\"https:\/\/lavozdelpueblo.mx\/wp-content\/uploads\/2026\/04\/presidenta-1-950x500.jpg\" width=\"950\" height=\"500\" alt=\"La Voz Del Pueblo\"\/>\t\t\r\n\t\t<\/a>\r\n    <div class=\"module8-caption\"><\/div>  <\/div>\r\n  <div class=\"module8-title\">\r\n    <h2><a href=\"https:\/\/lavozdelpueblo.mx\/index.php\/2026\/04\/24\/gobierno-federal-adquiere-el-tren-suburbano-y-lo-renombra-felipe-angeles-inauguraran-tramo-lecheria-aifa-el-26-de-abril\/\">\r\n      Gobierno federal adquiere el Tren Suburbano y lo renombra \u201cFelipe \u00c1ngeles\u201d; inaugurar\u00e1n tramo Lecher\u00eda-AIFA el 26 de abril      <\/a><\/h2>\r\n  <\/div>\r\n  <div class=\"col-mod8\">\r\n        <div class=\"module31-content\">\r\n      <div class=\"module8-text\"> <p>El Gobierno de M\u00e9xico asumir\u00e1 el control total del Tren Suburbano, que a partir de ahora funcionar\u00e1 como un sistema p\u00fablico bajo el nombre de Tren \u201cFelipe \u00c1ngeles\u201d. As\u00ed lo anunci\u00f3 la presidenta de la Rep\u00fablica, Claudia Sheinbaum, durante la conferencia matutina \u201cLas ma\u00f1aneras del pueblo\u201d, en la que destac\u00f3 que esta medida se tom\u00f3 de com\u00fan acuerdo con las empresas privadas que operaban el servicio.<\/p>\n<p>De acuerdo con la mandataria, la decisi\u00f3n responde a una estrategia nacional para recuperar.<\/p>\n <\/div>\r\n              <div class=\"module9-readmore\"> <a href=\"https:\/\/lavozdelpueblo.mx\/index.php\/2026\/04\/24\/gobierno-federal-adquiere-el-tren-suburbano-y-lo-renombra-felipe-angeles-inauguraran-tramo-lecheria-aifa-el-26-de-abril\/\">\r\n                Read the Post &#8594;\t                <\/a> <\/div>\t  \r\n    <\/div>\r\n  <\/div>\r\n  <div class=\"col-mod8\">\r\n    <div class=\"module8-morecontentwrapper\">\r\n                          <div class=\"module8-morecontent\">\r\n        <ul>\r\n          <li>\r\n            <h5> <a href=\"https:\/\/lavozdelpueblo.mx\/index.php\/2026\/04\/15\/sheinbaum-anuncia-inversion-historica-en-becas-al-2030\/\">\r\n              Sheinbaum anuncia inversi\u00f3n hist\u00f3rica en becas al 2030              <\/a> <\/h5>\r\n          <\/li>\r\n        <\/ul>\r\n      <\/div>\r\n                          <div class=\"module8-morecontent\">\r\n        <ul>\r\n          <li>\r\n            <h5> <a href=\"https:\/\/lavozdelpueblo.mx\/index.php\/2025\/10\/08\/se-forma-la-tormenta-tropical-jerry-en-el-atlantico-central\/\">\r\n              Se forma la tormenta tropical \u201cJerry\u201d en el Atl\u00e1ntico Central              <\/a> <\/h5>\r\n          <\/li>\r\n        <\/ul>\r\n      <\/div>\r\n                          <div class=\"module8-morecontent\">\r\n        <ul>\r\n          <li>\r\n            <h5> <a href=\"https:\/\/lavozdelpueblo.mx\/index.php\/2025\/09\/26\/descarrilamiento-de-tren-de-carga-provoca-incendio-en-smolensk-rusia\/\">\r\n              Descarrilamiento de tren de carga provoca incendio en Smolensk, Rusia              <\/a> <\/h5>\r\n          <\/li>\r\n        <\/ul>\r\n      <\/div>\r\n                          <div class=\"module8-morecontent\">\r\n        <ul>\r\n          <li>\r\n            <h5> <a href=\"https:\/\/lavozdelpueblo.mx\/index.php\/2025\/09\/25\/presentan-a-maple-zayu-y-clutch-las-mascotas-oficiales-de-la-copa-mundial-de-la-fifa-26\/\">\r\n              Presentan a Maple, Zayu y Clutch: las mascotas oficiales de la Copa Mundial de la FIFA 26              <\/a> <\/h5>\r\n          <\/li>\r\n        <\/ul>\r\n      <\/div>\r\n                <\/div>\r\n  <\/div>\r\n<\/div>\r\n<\/div>\r\n\t\t\t\t<\/div>\n\t\t\t\t<\/div>\n\t\t\t\t\t<\/div>\n\t\t<\/div>\n\t\t\t\t<div class=\"elementor-column elementor-col-25 elementor-top-column elementor-element elementor-element-0218606\" data-id=\"0218606\" data-element_type=\"column\">\n\t\t\t<div class=\"elementor-widget-wrap elementor-element-populated\">\n\t\t\t\t\t\t<div class=\"elementor-element elementor-element-79e6738 elementor-widget elementor-widget-javapaper-for-elementor-blog-j-module1\" data-id=\"79e6738\" data-element_type=\"widget\" data-widget_type=\"javapaper-for-elementor-blog-j-module1.default\">\n\t\t\t\t<div class=\"elementor-widget-container\">\n\t\t\t\t\t<div id=\"79e6738\" class=\"modulebox-wrapper\">\r\n    <div class=\"mainboxwrapper\">\r\n    <div class=\"j_maintitle\">\r\n                  <div class=\"moduletitle-wrapper\">\r\n        <div class=\"jmodule-maintitle\">\r\n          <h3>Module 1<span>SubTitle<\/span><\/h3>\r\n        <\/div>\r\n      <\/div>\r\n                <\/div>\r\n    <!-- START LOOP -->\r\n   <div class=\"module1ol\">\r\n            <div class=\"module1-post\">\r\n        <div class=\"cat-color\"> <span>\r\n          <a href=\"https:\/\/lavozdelpueblo.mx\/index.php\/category\/nacional\/\" rel=\"category tag\">Nacional<\/a>          <\/span>\r\n          <h3> <a class=\"entry-title\" href=\"https:\/\/lavozdelpueblo.mx\/index.php\/2026\/04\/24\/gobierno-federal-adquiere-el-tren-suburbano-y-lo-renombra-felipe-angeles-inauguraran-tramo-lecheria-aifa-el-26-de-abril\/\">\r\n            Gobierno federal adquiere el Tren Suburbano y lo renombra \u201cFelipe \u00c1ngeles\u201d; inaugurar\u00e1n tramo Lecher\u00eda-AIFA el 26 de abril            <\/a> <\/h3>\r\n          <div class=\"module1-article\"> El Gobierno de M\u00e9xico asumir\u00e1 el control total del Tren Suburbano, que a partir de ahora funcionar\u00e1 <\/div>\r\n        <\/div>\r\n      <\/div>\r\n            <div class=\"module1-post\">\r\n        <div class=\"cat-color\"> <span>\r\n          <a href=\"https:\/\/lavozdelpueblo.mx\/index.php\/category\/nacional\/\" rel=\"category tag\">Nacional<\/a>          <\/span>\r\n          <h3> <a class=\"entry-title\" href=\"https:\/\/lavozdelpueblo.mx\/index.php\/2026\/04\/15\/sheinbaum-anuncia-inversion-historica-en-becas-al-2030\/\">\r\n            Sheinbaum anuncia inversi\u00f3n hist\u00f3rica en becas al 2030            <\/a> <\/h3>\r\n          <div class=\"module1-article\"> La presidenta de M\u00e9xico, Claudia Sheinbaum Pardo, anunci\u00f3 este lunes un ambicioso plan de inversi\u00f3n p\u00fablica que <\/div>\r\n        <\/div>\r\n      <\/div>\r\n            <div class=\"module1-post\">\r\n        <div class=\"cat-color\"> <span>\r\n          <a href=\"https:\/\/lavozdelpueblo.mx\/index.php\/category\/nacional\/\" rel=\"category tag\">Nacional<\/a>          <\/span>\r\n          <h3> <a class=\"entry-title\" href=\"https:\/\/lavozdelpueblo.mx\/index.php\/2025\/10\/08\/se-forma-la-tormenta-tropical-jerry-en-el-atlantico-central\/\">\r\n            Se forma la tormenta tropical \u201cJerry\u201d en el Atl\u00e1ntico Central            <\/a> <\/h3>\r\n          <div class=\"module1-article\"> El 7 de octubre de 2025, la tormenta tropical \u201cJerry\u201d se form\u00f3 en el Atl\u00e1ntico central, convirti\u00e9ndose <\/div>\r\n        <\/div>\r\n      <\/div>\r\n                <\/div>\r\n  <\/div>\r\n<\/div>\r\n\t\t\t\t<\/div>\n\t\t\t\t<\/div>\n\t\t\t\t\t<\/div>\n\t\t<\/div>\n\t\t\t\t<div class=\"elementor-column elementor-col-25 elementor-top-column elementor-element elementor-element-f46b891\" data-id=\"f46b891\" data-element_type=\"column\">\n\t\t\t<div class=\"elementor-widget-wrap elementor-element-populated\">\n\t\t\t\t\t\t<div class=\"elementor-element elementor-element-624a45d elementor-widget elementor-widget-javapaper-for-elementor-blog-j-module1\" data-id=\"624a45d\" data-element_type=\"widget\" data-widget_type=\"javapaper-for-elementor-blog-j-module1.default\">\n\t\t\t\t<div class=\"elementor-widget-container\">\n\t\t\t\t\t<div id=\"624a45d\" class=\"modulebox-wrapper\">\r\n    <div class=\"mainboxwrapper\">\r\n    <div class=\"j_maintitle\">\r\n                  <div class=\"moduletitle-wrapper\">\r\n        <div class=\"jmodule-maintitle\">\r\n          <h3>Module 1<span>SubTitle<\/span><\/h3>\r\n        <\/div>\r\n      <\/div>\r\n                <\/div>\r\n    <!-- START LOOP -->\r\n   <div class=\"module1ol\">\r\n            <div class=\"module1-post\">\r\n        <div class=\"cat-color\"> <span>\r\n          <a href=\"https:\/\/lavozdelpueblo.mx\/index.php\/category\/nacional\/\" rel=\"category tag\">Nacional<\/a>          <\/span>\r\n          <h3> <a class=\"entry-title\" href=\"https:\/\/lavozdelpueblo.mx\/index.php\/2026\/04\/24\/gobierno-federal-adquiere-el-tren-suburbano-y-lo-renombra-felipe-angeles-inauguraran-tramo-lecheria-aifa-el-26-de-abril\/\">\r\n            Gobierno federal adquiere el Tren Suburbano y lo renombra \u201cFelipe \u00c1ngeles\u201d; inaugurar\u00e1n tramo Lecher\u00eda-AIFA el 26 de abril            <\/a> <\/h3>\r\n          <div class=\"module1-article\"> El Gobierno de M\u00e9xico asumir\u00e1 el control total del Tren Suburbano, que a partir de ahora funcionar\u00e1 <\/div>\r\n        <\/div>\r\n      <\/div>\r\n            <div class=\"module1-post\">\r\n        <div class=\"cat-color\"> <span>\r\n          <a href=\"https:\/\/lavozdelpueblo.mx\/index.php\/category\/nacional\/\" rel=\"category tag\">Nacional<\/a>          <\/span>\r\n          <h3> <a class=\"entry-title\" href=\"https:\/\/lavozdelpueblo.mx\/index.php\/2026\/04\/15\/sheinbaum-anuncia-inversion-historica-en-becas-al-2030\/\">\r\n            Sheinbaum anuncia inversi\u00f3n hist\u00f3rica en becas al 2030            <\/a> <\/h3>\r\n          <div class=\"module1-article\"> La presidenta de M\u00e9xico, Claudia Sheinbaum Pardo, anunci\u00f3 este lunes un ambicioso plan de inversi\u00f3n p\u00fablica que <\/div>\r\n        <\/div>\r\n      <\/div>\r\n            <div class=\"module1-post\">\r\n        <div class=\"cat-color\"> <span>\r\n          <a href=\"https:\/\/lavozdelpueblo.mx\/index.php\/category\/nacional\/\" rel=\"category tag\">Nacional<\/a>          <\/span>\r\n          <h3> <a class=\"entry-title\" href=\"https:\/\/lavozdelpueblo.mx\/index.php\/2025\/10\/08\/se-forma-la-tormenta-tropical-jerry-en-el-atlantico-central\/\">\r\n            Se forma la tormenta tropical \u201cJerry\u201d en el Atl\u00e1ntico Central            <\/a> <\/h3>\r\n          <div class=\"module1-article\"> El 7 de octubre de 2025, la tormenta tropical \u201cJerry\u201d se form\u00f3 en el Atl\u00e1ntico central, convirti\u00e9ndose <\/div>\r\n        <\/div>\r\n      <\/div>\r\n                <\/div>\r\n  <\/div>\r\n<\/div>\r\n\t\t\t\t<\/div>\n\t\t\t\t<\/div>\n\t\t\t\t\t<\/div>\n\t\t<\/div>\n\t\t\t\t\t<\/div>\n\t\t<\/section>\n\t\t\t\t<section class=\"elementor-section elementor-top-section elementor-element elementor-element-6b688586 elementor-section-boxed elementor-section-height-default elementor-section-height-default\" data-id=\"6b688586\" data-element_type=\"section\">\n\t\t\t\t\t\t<div class=\"elementor-container elementor-column-gap-default\">\n\t\t\t\t\t<div class=\"elementor-column elementor-col-50 elementor-top-column elementor-element elementor-element-899d483\" data-id=\"899d483\" data-element_type=\"column\">\n\t\t\t<div class=\"elementor-widget-wrap elementor-element-populated\">\n\t\t\t\t\t\t<section class=\"elementor-section elementor-inner-section elementor-element elementor-element-684ea5c9 elementor-section-boxed elementor-section-height-default elementor-section-height-default\" data-id=\"684ea5c9\" data-element_type=\"section\">\n\t\t\t\t\t\t<div class=\"elementor-container elementor-column-gap-default\">\n\t\t\t\t\t<div class=\"elementor-column elementor-col-50 elementor-inner-column elementor-element elementor-element-5bacb78e\" data-id=\"5bacb78e\" data-element_type=\"column\">\n\t\t\t<div class=\"elementor-widget-wrap elementor-element-populated\">\n\t\t\t\t\t\t<div class=\"elementor-element elementor-element-59445345 elementor-widget elementor-widget-javapaper-for-elementor-blog-j-module1\" data-id=\"59445345\" data-element_type=\"widget\" data-widget_type=\"javapaper-for-elementor-blog-j-module1.default\">\n\t\t\t\t<div class=\"elementor-widget-container\">\n\t\t\t\t\t<div id=\"59445345\" class=\"modulebox-wrapper\">\r\n    <div class=\"mainboxwrapper\">\r\n    <div class=\"j_maintitle\">\r\n                  <div class=\"moduletitle-wrapper\">\r\n        <div class=\"jmodule-maintitle\">\r\n          <h3>Module 1<span>SubTitle<\/span><\/h3>\r\n        <\/div>\r\n      <\/div>\r\n                <\/div>\r\n    <!-- START LOOP -->\r\n   <div class=\"module1ol\">\r\n            <div class=\"module1-post\">\r\n        <div class=\"cat-color\"> <span>\r\n          <a href=\"https:\/\/lavozdelpueblo.mx\/index.php\/category\/nacional\/\" rel=\"category tag\">Nacional<\/a>          <\/span>\r\n          <h3> <a class=\"entry-title\" href=\"https:\/\/lavozdelpueblo.mx\/index.php\/2026\/04\/24\/gobierno-federal-adquiere-el-tren-suburbano-y-lo-renombra-felipe-angeles-inauguraran-tramo-lecheria-aifa-el-26-de-abril\/\">\r\n            Gobierno federal adquiere el Tren Suburbano y lo renombra \u201cFelipe \u00c1ngeles\u201d; inaugurar\u00e1n tramo Lecher\u00eda-AIFA el 26 de abril            <\/a> <\/h3>\r\n          <div class=\"module1-article\"> El Gobierno de M\u00e9xico asumir\u00e1 el control total del Tren Suburbano, que a partir de ahora funcionar\u00e1 como un sistema p\u00fablico bajo el nombre de Tren \u201cFelipe \u00c1ngeles\u201d. As\u00ed lo anunci\u00f3 la presidenta <\/div>\r\n        <\/div>\r\n      <\/div>\r\n            <div class=\"module1-post\">\r\n        <div class=\"cat-color\"> <span>\r\n          <a href=\"https:\/\/lavozdelpueblo.mx\/index.php\/category\/nacional\/\" rel=\"category tag\">Nacional<\/a>          <\/span>\r\n          <h3> <a class=\"entry-title\" href=\"https:\/\/lavozdelpueblo.mx\/index.php\/2026\/04\/15\/sheinbaum-anuncia-inversion-historica-en-becas-al-2030\/\">\r\n            Sheinbaum anuncia inversi\u00f3n hist\u00f3rica en becas al 2030            <\/a> <\/h3>\r\n          <div class=\"module1-article\"> La presidenta de M\u00e9xico, Claudia Sheinbaum Pardo, anunci\u00f3 este lunes un ambicioso plan de inversi\u00f3n p\u00fablica que prev\u00e9 destinar m\u00e1s de un bill\u00f3n de pesos en Becas para el Bienestar hacia el a\u00f1o <\/div>\r\n        <\/div>\r\n      <\/div>\r\n            <div class=\"module1-post\">\r\n        <div class=\"cat-color\"> <span>\r\n          <a href=\"https:\/\/lavozdelpueblo.mx\/index.php\/category\/nacional\/\" rel=\"category tag\">Nacional<\/a>          <\/span>\r\n          <h3> <a class=\"entry-title\" href=\"https:\/\/lavozdelpueblo.mx\/index.php\/2025\/10\/08\/se-forma-la-tormenta-tropical-jerry-en-el-atlantico-central\/\">\r\n            Se forma la tormenta tropical \u201cJerry\u201d en el Atl\u00e1ntico Central            <\/a> <\/h3>\r\n          <div class=\"module1-article\"> El 7 de octubre de 2025, la tormenta tropical \u201cJerry\u201d se form\u00f3 en el Atl\u00e1ntico central, convirti\u00e9ndose en el d\u00e9cimo cicl\u00f3n de la temporada de huracanes de este a\u00f1o, inform\u00f3 el Servicio Meteorol\u00f3gico <\/div>\r\n        <\/div>\r\n      <\/div>\r\n            <div class=\"module1-post\">\r\n        <div class=\"cat-color\"> <span>\r\n          <a href=\"https:\/\/lavozdelpueblo.mx\/index.php\/category\/internacional\/\" rel=\"category tag\">Internacional<\/a>          <\/span>\r\n          <h3> <a class=\"entry-title\" href=\"https:\/\/lavozdelpueblo.mx\/index.php\/2025\/09\/26\/descarrilamiento-de-tren-de-carga-provoca-incendio-en-smolensk-rusia\/\">\r\n            Descarrilamiento de tren de carga provoca incendio en Smolensk, Rusia            <\/a> <\/h3>\r\n          <div class=\"module1-article\"> Un grave accidente ferroviario se registr\u00f3 en la provincia de Smolensk, Rusia, luego de que un tren de carga descarrilara tras colisionar con un cami\u00f3n en un cruce ferroviario. As\u00ed lo inform\u00f3 el <\/div>\r\n        <\/div>\r\n      <\/div>\r\n                <\/div>\r\n  <\/div>\r\n<\/div>\r\n\t\t\t\t<\/div>\n\t\t\t\t<\/div>\n\t\t\t\t\t<\/div>\n\t\t<\/div>\n\t\t\t\t<div class=\"elementor-column elementor-col-50 elementor-inner-column elementor-element elementor-element-29eef4c3\" data-id=\"29eef4c3\" data-element_type=\"column\">\n\t\t\t<div class=\"elementor-widget-wrap elementor-element-populated\">\n\t\t\t\t\t\t<div class=\"elementor-element elementor-element-4d60adf elementor-widget elementor-widget-javapaper-for-elementor-blog-j-module8\" data-id=\"4d60adf\" data-element_type=\"widget\" data-widget_type=\"javapaper-for-elementor-blog-j-module8.default\">\n\t\t\t\t<div class=\"elementor-widget-container\">\n\t\t\t\t\t\r\n<div class=\"modulebox-wrapper post-wrapper post-80838 post type-post status-publish format-standard has-post-thumbnail hentry category-internacional\" >\r\n                <!-- START LOOP -->\r\n            \t\r\n\t\t<div class=\"module8-top\">\r\n  <div class=\"j_maintitle\">\r\n      <\/div>\r\n  <div class=\"module8-thumbnail imageon\">\r\n          <div class=\"module-cat\">\r\n            <a href=\"https:\/\/lavozdelpueblo.mx\/index.php\/category\/nacional\/\" title=\"View all posts in Nacional\" >Nacional<\/a>           <\/div>  \r\n    <a href=\"https:\/\/lavozdelpueblo.mx\/index.php\/2026\/04\/15\/sheinbaum-anuncia-inversion-historica-en-becas-al-2030\/\" title=\"Sheinbaum anuncia inversi\u00f3n hist\u00f3rica en becas al 2030\">\t\t\t\t\t\t\t\r\n    <img loading=\"lazy\" decoding=\"async\" src=\"https:\/\/lavozdelpueblo.mx\/wp-content\/uploads\/2026\/04\/0-grande-950x500.jpg\" width=\"950\" height=\"500\" alt=\"La Voz Del Pueblo\"\/>\t\t\r\n\t\t<\/a>\r\n    <div class=\"module8-caption\"><\/div>  <\/div>\r\n  <div class=\"module8-title\">\r\n    <h2><a href=\"https:\/\/lavozdelpueblo.mx\/index.php\/2026\/04\/15\/sheinbaum-anuncia-inversion-historica-en-becas-al-2030\/\">\r\n      Sheinbaum anuncia inversi\u00f3n hist\u00f3rica en becas al 2030      <\/a><\/h2>\r\n  <\/div>\r\n  <div class=\"col-mod8\">\r\n        <div class=\"module31-content\">\r\n      <div class=\"module8-text\"> <p>La presidenta de M\u00e9xico, Claudia Sheinbaum Pardo, anunci\u00f3 este lunes un ambicioso plan de inversi\u00f3n p\u00fablica que prev\u00e9 destinar m\u00e1s de un bill\u00f3n de pesos en Becas para el Bienestar hacia el a\u00f1o 2030. El anuncio, realizado durante su conferencia matutina, representa un compromiso claro del nuevo gobierno para fortalecer la educaci\u00f3n p\u00fablica desde la infancia hasta la juventud y garantizar mejores condiciones de justicia social.<\/p>\n<p>Sheinbaum destac\u00f3 que la entrega de apoyos econ\u00f3micos a estudiantes debe ser entendida no como un gasto, sino como una inversi\u00f3n a largo plazo para el pa\u00eds. Se\u00f1al\u00f3 que estas becas tienen como prop\u00f3sito principal ampliar las oportunidades educativas y sociales, especialmente para ni\u00f1as, ni\u00f1os.<\/p>\n <\/div>\r\n              <div class=\"module9-readmore\"> <a href=\"https:\/\/lavozdelpueblo.mx\/index.php\/2026\/04\/15\/sheinbaum-anuncia-inversion-historica-en-becas-al-2030\/\">\r\n                Read the Post &#8594;\t                <\/a> <\/div>\t  \r\n    <\/div>\r\n  <\/div>\r\n  <div class=\"col-mod8\">\r\n    <div class=\"module8-morecontentwrapper\">\r\n                          <div class=\"module8-morecontent\">\r\n        <ul>\r\n          <li>\r\n            <h5> <a href=\"https:\/\/lavozdelpueblo.mx\/index.php\/2025\/10\/08\/se-forma-la-tormenta-tropical-jerry-en-el-atlantico-central\/\">\r\n              Se forma la tormenta tropical \u201cJerry\u201d en el Atl\u00e1ntico Central              <\/a> <\/h5>\r\n          <\/li>\r\n        <\/ul>\r\n      <\/div>\r\n                          <div class=\"module8-morecontent\">\r\n        <ul>\r\n          <li>\r\n            <h5> <a href=\"https:\/\/lavozdelpueblo.mx\/index.php\/2025\/09\/26\/descarrilamiento-de-tren-de-carga-provoca-incendio-en-smolensk-rusia\/\">\r\n              Descarrilamiento de tren de carga provoca incendio en Smolensk, Rusia              <\/a> <\/h5>\r\n          <\/li>\r\n        <\/ul>\r\n      <\/div>\r\n                          <div class=\"module8-morecontent\">\r\n        <ul>\r\n          <li>\r\n            <h5> <a href=\"https:\/\/lavozdelpueblo.mx\/index.php\/2025\/09\/25\/presentan-a-maple-zayu-y-clutch-las-mascotas-oficiales-de-la-copa-mundial-de-la-fifa-26\/\">\r\n              Presentan a Maple, Zayu y Clutch: las mascotas oficiales de la Copa Mundial de la FIFA 26              <\/a> <\/h5>\r\n          <\/li>\r\n        <\/ul>\r\n      <\/div>\r\n                <\/div>\r\n  <\/div>\r\n<\/div>\r\n<\/div>\r\n\t\t\t\t<\/div>\n\t\t\t\t<\/div>\n\t\t\t\t\t<\/div>\n\t\t<\/div>\n\t\t\t\t\t<\/div>\n\t\t<\/section>\n\t\t\t\t<section class=\"elementor-section elementor-inner-section elementor-element elementor-element-1ba9ec32 elementor-section-boxed elementor-section-height-default elementor-section-height-default\" data-id=\"1ba9ec32\" data-element_type=\"section\">\n\t\t\t\t\t\t<div class=\"elementor-container elementor-column-gap-default\">\n\t\t\t\t\t<div class=\"elementor-column elementor-col-100 elementor-inner-column elementor-element elementor-element-323892e1\" data-id=\"323892e1\" data-element_type=\"column\">\n\t\t\t<div class=\"elementor-widget-wrap elementor-element-populated\">\n\t\t\t\t\t\t<div class=\"elementor-element elementor-element-2dabcf1 elementor-widget elementor-widget-javapaper-for-elementor-blog-j-module7\" data-id=\"2dabcf1\" data-element_type=\"widget\" data-widget_type=\"javapaper-for-elementor-blog-j-module7.default\">\n\t\t\t\t<div class=\"elementor-widget-container\">\n\t\t\t\t\t\r\n<div class=\"mainboxwrapper\">\r\n  <div class=\"modulebox-wrapper post-wrapper post-80836 post type-post status-publish format-standard has-post-thumbnail hentry category-internacional\" >\r\n<div class=\"j_maintitle\">\r\n            <div class=\"moduletitle-wrapper\">\r\n      <div class=\"jmodule-maintitle\">\r\n        <h3>Module 7<span>SubTitle<\/span><\/h3>\r\n      <\/div>\r\n    <\/div>\r\n          <\/div>\r\n  <!-- START LOOP -->\r\n    <div class=\"wrapper-module7\">\r\n    <div class=\"col-md-4\">\r\n      <div class=\"module7-cat\">\r\n        <a href=\"https:\/\/lavozdelpueblo.mx\/index.php\/category\/nacional\/\" rel=\"category tag\">Nacional<\/a>      <\/div>\r\n      <h3> <a href=\"https:\/\/lavozdelpueblo.mx\/index.php\/2026\/04\/24\/gobierno-federal-adquiere-el-tren-suburbano-y-lo-renombra-felipe-angeles-inauguraran-tramo-lecheria-aifa-el-26-de-abril\/\">\r\n        Gobierno federal adquiere el Tren Suburbano y lo renombra \u201cFelipe \u00c1ngeles\u201d; inaugurar\u00e1n tramo Lecher\u00eda-AIFA el 26 de abril        <\/a><\/h3>\r\n      <span>\r\n            <a href=\"https:\/\/lavozdelpueblo.mx\/index.php\/category\/nacional\/\">\r\n      See all Posts &#8594;\t      <\/a> <\/span> <\/div>\r\n    <div class=\"col-md-8\">\r\n      <div class=\"module7-content\"> <p>El Gobierno de M\u00e9xico asumir\u00e1 el control total del Tren Suburbano, que a partir de ahora funcionar\u00e1 como un sistema p\u00fablico bajo el nombre de Tren \u201cFelipe \u00c1ngeles\u201d. As\u00ed lo anunci\u00f3 la presidenta de la Rep\u00fablica, Claudia Sheinbaum, durante la conferencia matutina \u201cLas ma\u00f1aneras del pueblo\u201d, en la que destac\u00f3 que esta medida se tom\u00f3 de com\u00fan acuerdo con.<\/p>\n <\/div>\r\n    <\/div>\r\n  <\/div>\r\n    <div class=\"wrapper-module7\">\r\n    <div class=\"col-md-4\">\r\n      <div class=\"module7-cat\">\r\n        <a href=\"https:\/\/lavozdelpueblo.mx\/index.php\/category\/nacional\/\" rel=\"category tag\">Nacional<\/a>      <\/div>\r\n      <h3> <a href=\"https:\/\/lavozdelpueblo.mx\/index.php\/2026\/04\/15\/sheinbaum-anuncia-inversion-historica-en-becas-al-2030\/\">\r\n        Sheinbaum anuncia inversi\u00f3n hist\u00f3rica en becas al 2030        <\/a><\/h3>\r\n      <span>\r\n            <a href=\"https:\/\/lavozdelpueblo.mx\/index.php\/category\/nacional\/\">\r\n      See all Posts &#8594;\t      <\/a> <\/span> <\/div>\r\n    <div class=\"col-md-8\">\r\n      <div class=\"module7-content\"> <p>La presidenta de M\u00e9xico, Claudia Sheinbaum Pardo, anunci\u00f3 este lunes un ambicioso plan de inversi\u00f3n p\u00fablica que prev\u00e9 destinar m\u00e1s de un bill\u00f3n de pesos en Becas para el Bienestar hacia el a\u00f1o 2030. El anuncio, realizado durante su conferencia matutina, representa un compromiso claro del nuevo gobierno para fortalecer la educaci\u00f3n p\u00fablica desde la infancia hasta la juventud.<\/p>\n <\/div>\r\n    <\/div>\r\n  <\/div>\r\n  <\/div>\r\n<\/div>\r\n\t\t\t\t<\/div>\n\t\t\t\t<\/div>\n\t\t\t\t\t<\/div>\n\t\t<\/div>\n\t\t\t\t\t<\/div>\n\t\t<\/section>\n\t\t\t\t\t<\/div>\n\t\t<\/div>\n\t\t\t\t<div class=\"elementor-column elementor-col-50 elementor-top-column elementor-element elementor-element-4916c7cc\" data-id=\"4916c7cc\" data-element_type=\"column\">\n\t\t\t<div class=\"elementor-widget-wrap elementor-element-populated\">\n\t\t\t\t\t\t<div class=\"elementor-element elementor-element-7851c0f0 elementor-widget elementor-widget-shortcode\" data-id=\"7851c0f0\" data-element_type=\"widget\" data-widget_type=\"shortcode.default\">\n\t\t\t\t<div class=\"elementor-widget-container\">\n\t\t\t\t\t\t\t<div class=\"elementor-shortcode\"><\/div>\n\t\t\t\t\t\t<\/div>\n\t\t\t\t<\/div>\n\t\t\t\t<div class=\"elementor-element elementor-element-7f3ed76c elementor-widget elementor-widget-javapaper-for-elementor-blog-j-tab\" data-id=\"7f3ed76c\" data-element_type=\"widget\" data-widget_type=\"javapaper-for-elementor-blog-j-tab.default\">\n\t\t\t\t<div class=\"elementor-widget-container\">\n\t\t\t\t\t\r\n<div class=\"modulebox-wrapper post-wrapper post-80842 post type-post status-publish format-standard has-post-thumbnail hentry category-nacional\" >\r\n    <ul  class=\"nav nav-pills\">\r\n    <li class=\"active\"> <a  href=\"#1a\" data-toggle=\"tab\"> RECENT <\/a> <\/li>\r\n    <li><a href=\"#2a\" data-toggle=\"tab\"> POPULAR <\/a> <\/li>\r\n  <\/ul>\r\n  <div id=\"exTab1\" class=\"containertab\">\r\n    <div class=\"tab-content clearfix\">\r\n      <div class=\"tab-pane active\" id=\"1a\">\r\n                <div class=\"bw-effect\">\r\n          <div class=\"javapaper-latest-post\">\r\n            <div class=\"javapaper-latest-thumb\"> <a href=\"https:\/\/lavozdelpueblo.mx\/index.php\/2026\/04\/24\/gobierno-federal-adquiere-el-tren-suburbano-y-lo-renombra-felipe-angeles-inauguraran-tramo-lecheria-aifa-el-26-de-abril\/\" title=\"Gobierno federal adquiere el Tren Suburbano y lo renombra \u201cFelipe \u00c1ngeles\u201d; inaugurar\u00e1n tramo Lecher\u00eda-AIFA el 26 de abril\">\r\n                            <img loading=\"lazy\" decoding=\"async\" src=\"https:\/\/lavozdelpueblo.mx\/wp-content\/uploads\/2026\/04\/presidenta-1-70x55.jpg\" width=\"70\" height=\"55\" alt=\"La Voz Del Pueblo\"\/><\/a> <\/div>\r\n            <!-- .javapaper-latest-thumb -->\r\n            <div class=\"javapaper-latest-article\">\r\n              <h6> <a href=\"https:\/\/lavozdelpueblo.mx\/index.php\/2026\/04\/24\/gobierno-federal-adquiere-el-tren-suburbano-y-lo-renombra-felipe-angeles-inauguraran-tramo-lecheria-aifa-el-26-de-abril\/\" title=\"Gobierno federal adquiere el Tren Suburbano y lo renombra \u201cFelipe \u00c1ngeles\u201d; inaugurar\u00e1n tramo Lecher\u00eda-AIFA el 26 de abril\">\r\n                Gobierno federal adquiere el Tren Suburbano y lo renombra \u201cFelipe \u00c1ngeles\u201d; inaugurar\u00e1n tramo Lecher\u00eda-AIFA el 26 de abril                <\/a> <\/h6>\r\n            <\/div>\r\n          <\/div>\r\n          <div class=\"clear\"><\/div>\r\n        <\/div>\r\n                <div class=\"bw-effect\">\r\n          <div class=\"javapaper-latest-post\">\r\n            <div class=\"javapaper-latest-thumb\"> <a href=\"https:\/\/lavozdelpueblo.mx\/index.php\/2026\/04\/15\/sheinbaum-anuncia-inversion-historica-en-becas-al-2030\/\" title=\"Sheinbaum anuncia inversi\u00f3n hist\u00f3rica en becas al 2030\">\r\n                            <img loading=\"lazy\" decoding=\"async\" src=\"https:\/\/lavozdelpueblo.mx\/wp-content\/uploads\/2026\/04\/0-grande-70x55.jpg\" width=\"70\" height=\"55\" alt=\"La Voz Del Pueblo\"\/><\/a> <\/div>\r\n            <!-- .javapaper-latest-thumb -->\r\n            <div class=\"javapaper-latest-article\">\r\n              <h6> <a href=\"https:\/\/lavozdelpueblo.mx\/index.php\/2026\/04\/15\/sheinbaum-anuncia-inversion-historica-en-becas-al-2030\/\" title=\"Sheinbaum anuncia inversi\u00f3n hist\u00f3rica en becas al 2030\">\r\n                Sheinbaum anuncia inversi\u00f3n hist\u00f3rica en becas al 2030                <\/a> <\/h6>\r\n            <\/div>\r\n          <\/div>\r\n          <div class=\"clear\"><\/div>\r\n        <\/div>\r\n                <div class=\"bw-effect\">\r\n          <div class=\"javapaper-latest-post\">\r\n            <div class=\"javapaper-latest-thumb\"> <a href=\"https:\/\/lavozdelpueblo.mx\/index.php\/2025\/10\/08\/se-forma-la-tormenta-tropical-jerry-en-el-atlantico-central\/\" title=\"Se forma la tormenta tropical \u201cJerry\u201d en el Atl\u00e1ntico Central\">\r\n                            <img loading=\"lazy\" decoding=\"async\" src=\"https:\/\/lavozdelpueblo.mx\/wp-content\/uploads\/2025\/10\/Screenshot-2025-10-08-at-12.47.04-p.m-70x55.png\" width=\"70\" height=\"55\" alt=\"La Voz Del Pueblo\"\/><\/a> <\/div>\r\n            <!-- .javapaper-latest-thumb -->\r\n            <div class=\"javapaper-latest-article\">\r\n              <h6> <a href=\"https:\/\/lavozdelpueblo.mx\/index.php\/2025\/10\/08\/se-forma-la-tormenta-tropical-jerry-en-el-atlantico-central\/\" title=\"Se forma la tormenta tropical \u201cJerry\u201d en el Atl\u00e1ntico Central\">\r\n                Se forma la tormenta tropical \u201cJerry\u201d en el Atl\u00e1ntico Central                <\/a> <\/h6>\r\n            <\/div>\r\n          <\/div>\r\n          <div class=\"clear\"><\/div>\r\n        <\/div>\r\n                      <\/div>\r\n      <div class=\"tab-pane\" id=\"2a\">\r\n                <div class=\"popular-comments\">\r\n                                <div class=\"javapaper-latest-post\">\r\n              <div class=\"javapaper-latest-thumb\"> <a href=\"https:\/\/lavozdelpueblo.mx\/index.php\/2025\/08\/26\/bottas-y-perez-refuerzan-el-debut-de-cadillac-en-la-formula-1-con-experiencia-y-compromiso-multianual\/\" title=\"Bottas y P\u00e9rez refuerzan el debut de Cadillac en la F\u00f3rmula 1 con experiencia y compromiso multianual\">\r\n                                <img loading=\"lazy\" decoding=\"async\" src=\"https:\/\/lavozdelpueblo.mx\/wp-content\/uploads\/2025\/08\/cadillac-scaled-70x55.jpeg\" width=\"70\" height=\"55\" alt=\"La Voz Del Pueblo\"\/><\/a>\r\n              <\/div>\r\n              <div class=\"javapaper-latest-article\">\r\n                <span>\r\n                  no replies                <\/span>\t\t\t\t  \r\n                <h6> <a href=\"https:\/\/lavozdelpueblo.mx\/index.php\/2025\/08\/26\/bottas-y-perez-refuerzan-el-debut-de-cadillac-en-la-formula-1-con-experiencia-y-compromiso-multianual\/\" title=\"Bottas y P\u00e9rez refuerzan el debut de Cadillac en la F\u00f3rmula 1 con experiencia y compromiso multianual\">\r\n                  Bottas y P\u00e9rez refuerzan el debut de Cadillac en la F\u00f3rmula 1 con experiencia y compromiso multianual                  <\/a><\/h6>\t\t\t  \r\n                <\/div>\r\n            <\/div>\r\n                      <div class=\"javapaper-latest-post\">\r\n              <div class=\"javapaper-latest-thumb\"> <a href=\"https:\/\/lavozdelpueblo.mx\/index.php\/2025\/08\/29\/la-suprema-corte-determina-que-solo-las-personas-pueden-registrar-obras-con-derechos-de-autor\/\" title=\"La Suprema Corte determina que solo las personas pueden registrar obras con derechos de autor\">\r\n                                <img loading=\"lazy\" decoding=\"async\" src=\"https:\/\/lavozdelpueblo.mx\/wp-content\/uploads\/2025\/08\/indautor-fallo-scjn-70x55.webp\" width=\"70\" height=\"55\" alt=\"La Voz Del Pueblo\"\/><\/a>\r\n              <\/div>\r\n              <div class=\"javapaper-latest-article\">\r\n                <span>\r\n                  no replies                <\/span>\t\t\t\t  \r\n                <h6> <a href=\"https:\/\/lavozdelpueblo.mx\/index.php\/2025\/08\/29\/la-suprema-corte-determina-que-solo-las-personas-pueden-registrar-obras-con-derechos-de-autor\/\" title=\"La Suprema Corte determina que solo las personas pueden registrar obras con derechos de autor\">\r\n                  La Suprema Corte determina que solo las personas pueden registrar obras con derechos de autor                  <\/a><\/h6>\t\t\t  \r\n                <\/div>\r\n            <\/div>\r\n                      <div class=\"javapaper-latest-post\">\r\n              <div class=\"javapaper-latest-thumb\"> <a href=\"https:\/\/lavozdelpueblo.mx\/index.php\/2025\/09\/03\/largas-filas-en-tehuacan-por-promocion-de-hamburguesas-gratis-en-la-apertura-de-carls-jr\/\" title=\"Largas filas en Tehuac\u00e1n por promoci\u00f3n de hamburguesas gratis en la apertura de Carl\u2019s Jr.\">\r\n                                <img loading=\"lazy\" decoding=\"async\" src=\"https:\/\/lavozdelpueblo.mx\/wp-content\/uploads\/2025\/09\/Gz7noOrWEAA97R_-70x55.webp\" width=\"70\" height=\"55\" alt=\"La Voz Del Pueblo\"\/><\/a>\r\n              <\/div>\r\n              <div class=\"javapaper-latest-article\">\r\n                <span>\r\n                  no replies                <\/span>\t\t\t\t  \r\n                <h6> <a href=\"https:\/\/lavozdelpueblo.mx\/index.php\/2025\/09\/03\/largas-filas-en-tehuacan-por-promocion-de-hamburguesas-gratis-en-la-apertura-de-carls-jr\/\" title=\"Largas filas en Tehuac\u00e1n por promoci\u00f3n de hamburguesas gratis en la apertura de Carl\u2019s Jr.\">\r\n                  Largas filas en Tehuac\u00e1n por promoci\u00f3n de hamburguesas gratis en la apertura de Carl\u2019s Jr.                  <\/a><\/h6>\t\t\t  \r\n                <\/div>\r\n            <\/div>\r\n                  <\/div>\r\n      <\/div>\r\n    <\/div>\r\n  <\/div>\r\n<\/div>\r\n\t\t\t\t<\/div>\n\t\t\t\t<\/div>\n\t\t\t\t<div class=\"elementor-element elementor-element-70621817 elementor-widget elementor-widget-javapaper-for-elementor-blog-j-module2\" data-id=\"70621817\" data-element_type=\"widget\" data-widget_type=\"javapaper-for-elementor-blog-j-module2.default\">\n\t\t\t\t<div class=\"elementor-widget-container\">\n\t\t\t\t\t<div id=\"70621817\" class=\"modulebox-wrapper\">\r\n    <div class=\"mainboxwrapper\">\r\n    <div class=\"j_maintitle\">\r\n                  <div class=\"moduletitle-wrapper\">\r\n        <div class=\"jmodule-maintitle\">\r\n          <h3>Module 2<span>SubTitle<\/span><\/h3>\r\n        <\/div>\r\n      <\/div>\r\n                <\/div>\r\n    <!-- START LOOP -->\r\n    <div class=\"module2ol\">\r\n            <div class=\"module2-post\">\r\n        <div class=\"cat-color\"> <span>\r\n          <a href=\"https:\/\/lavozdelpueblo.mx\/index.php\/category\/nacional\/\" rel=\"category tag\">Nacional<\/a>          <\/span>\r\n          <h3> <a class=\"entry-title\" href=\"https:\/\/lavozdelpueblo.mx\/index.php\/2026\/04\/24\/gobierno-federal-adquiere-el-tren-suburbano-y-lo-renombra-felipe-angeles-inauguraran-tramo-lecheria-aifa-el-26-de-abril\/\">\r\n            Gobierno federal adquiere el Tren Suburbano y lo renombra \u201cFelipe \u00c1ngeles\u201d; inaugurar\u00e1n tramo Lecher\u00eda-AIFA el 26 de abril            <\/a> <\/h3>\r\n          <div class=\"module2-article\">\r\n                        <img decoding=\"async\" src=\"https:\/\/lavozdelpueblo.mx\/wp-content\/uploads\/2026\/04\/presidenta-1-55x55.jpg\" width=\"55\" height=\"55\" alt=\"La Voz Del Pueblo\"\/> El Gobierno de M\u00e9xico asumir\u00e1 el control total del Tren Suburbano, que a partir de <\/div>\r\n        <\/div>\r\n      <\/div>\r\n            <div class=\"module2-post\">\r\n        <div class=\"cat-color\"> <span>\r\n          <a href=\"https:\/\/lavozdelpueblo.mx\/index.php\/category\/nacional\/\" rel=\"category tag\">Nacional<\/a>          <\/span>\r\n          <h3> <a class=\"entry-title\" href=\"https:\/\/lavozdelpueblo.mx\/index.php\/2026\/04\/15\/sheinbaum-anuncia-inversion-historica-en-becas-al-2030\/\">\r\n            Sheinbaum anuncia inversi\u00f3n hist\u00f3rica en becas al 2030            <\/a> <\/h3>\r\n          <div class=\"module2-article\">\r\n                        <img decoding=\"async\" src=\"https:\/\/lavozdelpueblo.mx\/wp-content\/uploads\/2026\/04\/0-grande-55x55.jpg\" width=\"55\" height=\"55\" alt=\"La Voz Del Pueblo\"\/> La presidenta de M\u00e9xico, Claudia Sheinbaum Pardo, anunci\u00f3 este lunes un ambicioso plan de inversi\u00f3n <\/div>\r\n        <\/div>\r\n      <\/div>\r\n            <div class=\"module2-post\">\r\n        <div class=\"cat-color\"> <span>\r\n          <a href=\"https:\/\/lavozdelpueblo.mx\/index.php\/category\/nacional\/\" rel=\"category tag\">Nacional<\/a>          <\/span>\r\n          <h3> <a class=\"entry-title\" href=\"https:\/\/lavozdelpueblo.mx\/index.php\/2025\/10\/08\/se-forma-la-tormenta-tropical-jerry-en-el-atlantico-central\/\">\r\n            Se forma la tormenta tropical \u201cJerry\u201d en el Atl\u00e1ntico Central            <\/a> <\/h3>\r\n          <div class=\"module2-article\">\r\n                        <img loading=\"lazy\" decoding=\"async\" src=\"https:\/\/lavozdelpueblo.mx\/wp-content\/uploads\/2025\/10\/Screenshot-2025-10-08-at-12.47.04-p.m-55x55.png\" width=\"55\" height=\"55\" alt=\"La Voz Del Pueblo\"\/> El 7 de octubre de 2025, la tormenta tropical \u201cJerry\u201d se form\u00f3 en el Atl\u00e1ntico <\/div>\r\n        <\/div>\r\n      <\/div>\r\n                <\/div>\r\n  <\/div>\r\n<\/div>\r\n\t\t\t\t<\/div>\n\t\t\t\t<\/div>\n\t\t\t\t\t<\/div>\n\t\t<\/div>\n\t\t\t\t\t<\/div>\n\t\t<\/section>\n\t\t\t\t<\/div>\n\t\t","protected":false},"excerpt":{"rendered":"<p>Culture Incongruous jeepers jellyfish one far Well known Uncategorized This nudged jeepers le ded sesulky oite ten Culture , Europe Timmediately quail was inverse much so remade dimly Nature , Sport Heared opposite then around but a heinous square Module 1SubTitle Culture Incongruous jeepers jellyfish one far Well known Within spread beside the ouch sulky [&hellip;]<\/p>\n","protected":false},"author":1,"featured_media":0,"parent":0,"menu_order":0,"comment_status":"closed","ping_status":"closed","template":"custom-frontpage-notop.php","meta":{"footnotes":""},"class_list":["post-77386","page","type-page","status-publish","hentry"],"_links":{"self":[{"href":"https:\/\/lavozdelpueblo.mx\/index.php\/wp-json\/wp\/v2\/pages\/77386","targetHints":{"allow":["GET"]}}],"collection":[{"href":"https:\/\/lavozdelpueblo.mx\/index.php\/wp-json\/wp\/v2\/pages"}],"about":[{"href":"https:\/\/lavozdelpueblo.mx\/index.php\/wp-json\/wp\/v2\/types\/page"}],"author":[{"embeddable":true,"href":"https:\/\/lavozdelpueblo.mx\/index.php\/wp-json\/wp\/v2\/users\/1"}],"replies":[{"embeddable":true,"href":"https:\/\/lavozdelpueblo.mx\/index.php\/wp-json\/wp\/v2\/comments?post=77386"}],"version-history":[{"count":0,"href":"https:\/\/lavozdelpueblo.mx\/index.php\/wp-json\/wp\/v2\/pages\/77386\/revisions"}],"wp:attachment":[{"href":"https:\/\/lavozdelpueblo.mx\/index.php\/wp-json\/wp\/v2\/media?parent=77386"}],"curies":[{"name":"wp","href":"https:\/\/api.w.org\/{rel}","templated":true}]}}